{"id":79,"date":"2023-01-02T10:00:03","date_gmt":"2023-01-02T09:00:03","guid":{"rendered":"http:\/\/www.lejardindenylou.com\/?page_id=79"},"modified":"2025-04-10T18:57:50","modified_gmt":"2025-04-10T16:57:50","slug":"services","status":"publish","type":"page","link":"https:\/\/www.lejardindenylou.com\/index.php\/services\/","title":{"rendered":"Services"},"content":{"rendered":"\n<div class=\"wp-block-group alignwide has-border-color has-custom-color-5-border-color has-custom-color-7-background-color has-background is-layout-constrained wp-block-group-is-layout-constrained\" style=\"border-width:1px;border-radius:20px\"><\/div>\n\n\n\n<div class=\"wp-block-group alignwide is-content-justification-center is-nowrap is-layout-flex wp-container-core-group-is-layout-506f29e7 wp-block-group-is-layout-flex\" style=\"border-style:none;border-width:0px;padding-top:0;padding-right:0;padding-bottom:0;padding-left:0\">\n<figure class=\"wp-block-image size-large has-custom-border wp-container-content-1806e29f\" style=\"margin-top:0;margin-right:0;margin-bottom:0;margin-left:0\"><img data-recalc-dims=\"1\" loading=\"lazy\" decoding=\"async\" width=\"768\" height=\"1024\" src=\"https:\/\/i0.wp.com\/www.lejardindenylou.com\/wp-content\/uploads\/2023\/03\/pexels-secret-garden-931178.jpg?resize=768%2C1024&#038;ssl=1\" alt=\"\" class=\"wp-image-343\" style=\"border-radius:10px;aspect-ratio:9\/16;object-fit:cover\" srcset=\"https:\/\/i0.wp.com\/www.lejardindenylou.com\/wp-content\/uploads\/2023\/03\/pexels-secret-garden-931178-scaled.jpg?resize=768%2C1024&amp;ssl=1 768w, https:\/\/i0.wp.com\/www.lejardindenylou.com\/wp-content\/uploads\/2023\/03\/pexels-secret-garden-931178-scaled.jpg?resize=225%2C300&amp;ssl=1 225w, https:\/\/i0.wp.com\/www.lejardindenylou.com\/wp-content\/uploads\/2023\/03\/pexels-secret-garden-931178-scaled.jpg?resize=1152%2C1536&amp;ssl=1 1152w, https:\/\/i0.wp.com\/www.lejardindenylou.com\/wp-content\/uploads\/2023\/03\/pexels-secret-garden-931178-scaled.jpg?resize=1536%2C2048&amp;ssl=1 1536w, https:\/\/i0.wp.com\/www.lejardindenylou.com\/wp-content\/uploads\/2023\/03\/pexels-secret-garden-931178-scaled.jpg?w=1920&amp;ssl=1 1920w\" sizes=\"auto, (max-width: 768px) 100vw, 768px\" \/><\/figure>\n\n\n\n<div class=\"wp-block-group has-border-color has-tertiary-background-color has-background is-vertical is-content-justification-center is-layout-flex wp-container-core-group-is-layout-ce155fab wp-block-group-is-layout-flex\" style=\"border-color:#ff66c4;border-width:1px;border-radius:20px\">\n<h4 class=\"wp-block-heading has-text-align-left has-secondary-color has-text-color has-link-color wp-elements-5845c8e3524779e80eb08c8854c8b6e8\"><strong>Coaching Spirituel<\/strong><\/h4>\n\n\n\n<p>Traverser et vivre un \u00e9veil spirituel est un chemin \u00e0 la fois merveilleux et \u00e0 la fois bouleversant. Les rep\u00e8res \u00e9tablis s&rsquo;effondrent pour laisser place petit \u00e0 petit \u00e0 une nouvelle r\u00e9alit\u00e9.<\/p>\n\n\n\n<p>Le <strong><em><mark style=\"background-color:rgba(0, 0, 0, 0)\" class=\"has-inline-color has-secondary-color\">coaching spirituel<\/mark><\/em><\/strong> <strong><a href=\"https:\/\/www.lejardindenylou.com\/index.php\/coaching-spirituel\/\">info ici<\/a><\/strong> est un espace <span style=\"text-decoration: underline;\">s\u00e9curis\u00e9 et bienveillant<\/span> dans lequel vous pouvez \u00e0 la fois venir d\u00e9poser votre v\u00e9cu et \u00e0 la fois b\u00e9n\u00e9ficier d&rsquo;un \u00e9clairage structurant vous permettant de replacer votre situation dans une perspective \u00e9largie qui lui conf\u00e8re du sens.<\/p>\n\n\n\n<p class=\"has-text-align-center\">S\u00e9ance 1h &#8211; via Zoom &#8211; tarif 80 eur<\/p>\n\n\n\n<div class=\"wp-block-buttons is-content-justification-center is-layout-flex wp-container-core-buttons-is-layout-c124d1c4 wp-block-buttons-is-layout-flex\">\n<div class=\"wp-block-button has-custom-font-size is-style-outline has-small-font-size is-style-outline--1\"><a class=\"wp-block-button__link has-tertiary-color has-secondary-background-color has-text-color has-background has-link-color wp-element-button\" href=\"https:\/\/www.lejardindenylou.com\/index.php\/contact\/\" style=\"border-radius:10px\">Prendre rendez-vous<\/a><\/div>\n<\/div>\n<\/div>\n<\/div>\n\n\n\n<div class=\"wp-block-group alignwide has-border-color has-custom-color-5-border-color has-custom-color-7-background-color has-background is-layout-constrained wp-block-group-is-layout-constrained\" style=\"border-width:1px;border-radius:20px\"><\/div>\n\n\n\n<div class=\"wp-block-group alignwide is-content-justification-center is-nowrap is-layout-flex wp-container-core-group-is-layout-506f29e7 wp-block-group-is-layout-flex\" style=\"border-style:none;border-width:0px;padding-top:0;padding-right:0;padding-bottom:0;padding-left:0\">\n<figure class=\"wp-block-image size-large has-custom-border wp-container-content-7efe0f6a\"><img data-recalc-dims=\"1\" loading=\"lazy\" decoding=\"async\" width=\"683\" height=\"1024\" src=\"https:\/\/i0.wp.com\/www.lejardindenylou.com\/wp-content\/uploads\/2023\/03\/pexels-lukA%C2%A1A%C2%A1-dlutko-2440300.jpg?resize=683%2C1024&#038;ssl=1\" alt=\"\" class=\"wp-image-344\" style=\"border-radius:10px;aspect-ratio:9\/16;object-fit:cover\" srcset=\"https:\/\/i0.wp.com\/www.lejardindenylou.com\/wp-content\/uploads\/2023\/03\/pexels-lukA%C2%A1A%C2%A1-dlutko-2440300-scaled.jpg?resize=683%2C1024&amp;ssl=1 683w, https:\/\/i0.wp.com\/www.lejardindenylou.com\/wp-content\/uploads\/2023\/03\/pexels-lukA%C2%A1A%C2%A1-dlutko-2440300-scaled.jpg?resize=200%2C300&amp;ssl=1 200w, https:\/\/i0.wp.com\/www.lejardindenylou.com\/wp-content\/uploads\/2023\/03\/pexels-lukA%C2%A1A%C2%A1-dlutko-2440300-scaled.jpg?resize=768%2C1152&amp;ssl=1 768w, https:\/\/i0.wp.com\/www.lejardindenylou.com\/wp-content\/uploads\/2023\/03\/pexels-lukA%C2%A1A%C2%A1-dlutko-2440300-scaled.jpg?resize=1024%2C1536&amp;ssl=1 1024w, https:\/\/i0.wp.com\/www.lejardindenylou.com\/wp-content\/uploads\/2023\/03\/pexels-lukA%C2%A1A%C2%A1-dlutko-2440300-scaled.jpg?resize=1365%2C2048&amp;ssl=1 1365w, https:\/\/i0.wp.com\/www.lejardindenylou.com\/wp-content\/uploads\/2023\/03\/pexels-lukA%C2%A1A%C2%A1-dlutko-2440300-scaled.jpg?w=1707&amp;ssl=1 1707w\" sizes=\"auto, (max-width: 683px) 100vw, 683px\" \/><\/figure>\n\n\n\n<div class=\"wp-block-group has-border-color has-tertiary-background-color has-background is-vertical is-content-justification-center is-layout-flex wp-container-core-group-is-layout-ce155fab wp-block-group-is-layout-flex\" style=\"border-color:#ff66c4;border-width:1px;border-radius:20px\">\n<h4 class=\"wp-block-heading has-text-align-center has-secondary-color has-text-color has-link-color wp-elements-dc0dfb5b8a6053b000f8181ca0d12d2d\"><strong><strong>Accompagnement Individuel en m\u00e9ditation du coeur<\/strong><\/strong><\/h4>\n\n\n\n<p>La <em><strong><mark style=\"background-color:rgba(0, 0, 0, 0)\" class=\"has-inline-color has-secondary-color\">m\u00e9ditation du coeur<\/mark><\/strong><\/em> <a href=\"https:\/\/www.lejardindenylou.com\/index.php\/meditation-du-coeur\/\"><strong>info ici<\/strong><\/a> est une technique de m\u00e9ditation sp\u00e9cifique visant \u00e0 d\u00e9velopper nos fonctions psychiques, \u00e0 developper notre conscience, \u00e0 nous familiariser avec notre propre structuration psychique.<\/p>\n\n\n\n<p>Les s\u00e9ances s&rsquo;adressent aussi bien <span style=\"text-decoration: underline;\">aux d\u00e9butants<\/span> qu&rsquo;aux personnes <span style=\"text-decoration: underline;\">initi\u00e9es et exp\u00e9riment\u00e9es.<\/span><\/p>\n\n\n\n<p class=\"has-small-font-size\">Pour le <span style=\"text-decoration: underline;\">d\u00e9butant<\/span>, la s\u00e9ance consiste <span style=\"text-decoration: underline;\">\u00e0 apprendre et pratiquer.<\/span>  Pour <span style=\"text-decoration: underline;\">l&rsquo;initi\u00e9<\/span>, la s\u00e9ance apporte le <span style=\"text-decoration: underline;\">soutien<\/span> et le <span style=\"text-decoration: underline;\">cadre s\u00e9curis\u00e9<\/span> en particulier pour <span style=\"text-decoration: underline;\">d\u00e9passer certaines difficult\u00e9s<\/span> rencontr\u00e9es lors de la pratique personnelle.<\/p>\n\n\n\n<p>S\u00e9ance 1h &#8211; via Zoom &#8211; tarif 60 eur<\/p>\n\n\n\n<div class=\"wp-block-buttons is-content-justification-center is-layout-flex wp-container-core-buttons-is-layout-c124d1c4 wp-block-buttons-is-layout-flex\">\n<div class=\"wp-block-button has-custom-font-size is-style-outline has-small-font-size is-style-outline--2\"><a class=\"wp-block-button__link has-tertiary-color has-secondary-background-color has-text-color has-background has-link-color wp-element-button\" href=\"https:\/\/www.lejardindenylou.com\/index.php\/contact\/\" style=\"border-radius:10px\">Prendre rendez-vous<\/a><\/div>\n<\/div>\n<\/div>\n<\/div>\n\n\n\n<div class=\"wp-block-group alignwide has-border-color has-custom-color-5-border-color has-custom-color-7-background-color has-background is-layout-constrained wp-block-group-is-layout-constrained\" style=\"border-width:1px;border-radius:20px\"><\/div>\n\n\n\n<div class=\"wp-block-group alignwide is-content-justification-center is-nowrap is-layout-flex wp-container-core-group-is-layout-506f29e7 wp-block-group-is-layout-flex\" style=\"border-style:none;border-width:0px;padding-top:0;padding-right:0;padding-bottom:0;padding-left:0\">\n<figure class=\"wp-block-image size-large has-custom-border wp-container-content-7efe0f6a\"><img data-recalc-dims=\"1\" loading=\"lazy\" decoding=\"async\" width=\"683\" height=\"1024\" src=\"https:\/\/i0.wp.com\/www.lejardindenylou.com\/wp-content\/uploads\/2023\/03\/pexels-guilherme-rossi-1686877.jpg?resize=683%2C1024&#038;ssl=1\" alt=\"\" class=\"wp-image-346\" style=\"border-radius:10px;aspect-ratio:9\/16;object-fit:cover\" srcset=\"https:\/\/i0.wp.com\/www.lejardindenylou.com\/wp-content\/uploads\/2023\/03\/pexels-guilherme-rossi-1686877-scaled.jpg?resize=683%2C1024&amp;ssl=1 683w, https:\/\/i0.wp.com\/www.lejardindenylou.com\/wp-content\/uploads\/2023\/03\/pexels-guilherme-rossi-1686877-scaled.jpg?resize=200%2C300&amp;ssl=1 200w, https:\/\/i0.wp.com\/www.lejardindenylou.com\/wp-content\/uploads\/2023\/03\/pexels-guilherme-rossi-1686877-scaled.jpg?resize=768%2C1152&amp;ssl=1 768w, https:\/\/i0.wp.com\/www.lejardindenylou.com\/wp-content\/uploads\/2023\/03\/pexels-guilherme-rossi-1686877-scaled.jpg?resize=1024%2C1536&amp;ssl=1 1024w, https:\/\/i0.wp.com\/www.lejardindenylou.com\/wp-content\/uploads\/2023\/03\/pexels-guilherme-rossi-1686877-scaled.jpg?resize=1365%2C2048&amp;ssl=1 1365w, https:\/\/i0.wp.com\/www.lejardindenylou.com\/wp-content\/uploads\/2023\/03\/pexels-guilherme-rossi-1686877-scaled.jpg?w=1707&amp;ssl=1 1707w\" sizes=\"auto, (max-width: 683px) 100vw, 683px\" \/><\/figure>\n\n\n\n<div class=\"wp-block-group has-border-color has-tertiary-background-color has-background is-vertical is-content-justification-center is-layout-flex wp-container-core-group-is-layout-ce155fab wp-block-group-is-layout-flex\" style=\"border-color:#ff66c4;border-width:1px;border-radius:20px\">\n<h4 class=\"wp-block-heading has-text-align-left has-secondary-color has-text-color has-link-color wp-elements-03fcc853ea7590b10e98d9017b432703\"><strong><strong>M\u00e9ditation du coeur &#8211; Groupe hebdomadaire<\/strong><\/strong><\/h4>\n\n\n\n<p>S&rsquo;int\u00e9grer dans un groupe de <em><strong><mark style=\"background-color:rgba(0, 0, 0, 0)\" class=\"has-inline-color has-secondary-color\">m\u00e9ditation du <\/mark><\/strong><mark style=\"background-color:rgba(0, 0, 0, 0)\" class=\"has-inline-color has-custom-color-9-color\"><strong>coeur<\/strong><\/mark><\/em> <strong><a href=\"https:\/\/www.lejardindenylou.com\/index.php\/meditation-du-coeur\/\">info ici<\/a><\/strong> permet de pratiquer de fa\u00e7on <span style=\"text-decoration: underline;\">r\u00e9guli\u00e8re<\/span> et de <span style=\"text-decoration: underline;\">b\u00e9n\u00e9ficier de la synergie du groupe.<\/span><\/p>\n\n\n\n<p>Le nombre de participants est limit\u00e9 et l&rsquo;engagement de chacun quant \u00e0 sa pr\u00e9sence durant le cycle est souhait\u00e9.<\/p>\n\n\n\n<p>Cycle de 4 semaines &#8211; horaire d\u00e9termin\u00e9 en fonction des demandes<\/p>\n\n\n\n<p class=\"has-small-font-size\">Chacun est libre de poser une intention et de la partager. Chaque participant s&rsquo;engage \u00e0 la bienveillance et au respect envers autrui. Il s&rsquo;engage \u00e9galement \u00e0 la confidentialit\u00e9 relative aux \u00e9ventuels partages des autres m\u00e9ditants.<\/p>\n\n\n\n<p>S\u00e9ance 1h &#8211; via Zoom &#8211; tarif 20 eur<\/p>\n\n\n\n<div class=\"wp-block-buttons is-content-justification-center is-layout-flex wp-container-core-buttons-is-layout-c124d1c4 wp-block-buttons-is-layout-flex\">\n<div class=\"wp-block-button has-custom-font-size is-style-outline has-small-font-size is-style-outline--3\"><a class=\"wp-block-button__link has-tertiary-color has-secondary-background-color has-text-color has-background has-link-color wp-element-button\" href=\"https:\/\/www.lejardindenylou.com\/index.php\/contact\/\" style=\"border-radius:10px\">Inscription<\/a><\/div>\n<\/div>\n<\/div>\n<\/div>\n\n\n\n<div class=\"wp-block-group alignwide has-border-color has-custom-color-5-border-color has-custom-color-7-background-color has-background is-layout-constrained wp-block-group-is-layout-constrained\" style=\"border-width:1px;border-radius:20px\"><\/div>\n\n\n\n<div class=\"wp-block-group alignwide is-content-justification-center is-nowrap is-layout-flex wp-container-core-group-is-layout-506f29e7 wp-block-group-is-layout-flex\" style=\"border-style:none;border-width:0px;padding-top:0;padding-right:0;padding-bottom:0;padding-left:0\">\n<figure class=\"wp-block-image size-large has-custom-border wp-container-content-7efe0f6a\"><img data-recalc-dims=\"1\" loading=\"lazy\" decoding=\"async\" width=\"768\" height=\"1024\" src=\"https:\/\/i0.wp.com\/www.lejardindenylou.com\/wp-content\/uploads\/2023\/03\/pexels-rov-camato-699963.jpg?resize=768%2C1024&#038;ssl=1\" alt=\"\" class=\"wp-image-345\" style=\"border-radius:10px;aspect-ratio:9\/16;object-fit:cover\" srcset=\"https:\/\/i0.wp.com\/www.lejardindenylou.com\/wp-content\/uploads\/2023\/03\/pexels-rov-camato-699963-scaled.jpg?resize=768%2C1024&amp;ssl=1 768w, https:\/\/i0.wp.com\/www.lejardindenylou.com\/wp-content\/uploads\/2023\/03\/pexels-rov-camato-699963-scaled.jpg?resize=225%2C300&amp;ssl=1 225w, https:\/\/i0.wp.com\/www.lejardindenylou.com\/wp-content\/uploads\/2023\/03\/pexels-rov-camato-699963-scaled.jpg?resize=1152%2C1536&amp;ssl=1 1152w, https:\/\/i0.wp.com\/www.lejardindenylou.com\/wp-content\/uploads\/2023\/03\/pexels-rov-camato-699963-scaled.jpg?resize=1536%2C2048&amp;ssl=1 1536w, https:\/\/i0.wp.com\/www.lejardindenylou.com\/wp-content\/uploads\/2023\/03\/pexels-rov-camato-699963-scaled.jpg?w=1920&amp;ssl=1 1920w\" sizes=\"auto, (max-width: 768px) 100vw, 768px\" \/><\/figure>\n\n\n\n<div class=\"wp-block-group has-border-color has-tertiary-background-color has-background is-vertical is-content-justification-center is-layout-flex wp-container-core-group-is-layout-ce155fab wp-block-group-is-layout-flex\" style=\"border-color:#ff66c4;border-width:1px;border-radius:20px\">\n<h4 class=\"wp-block-heading has-text-align-left has-secondary-color has-text-color has-link-color wp-elements-9da7eb9da6100e27391f6dfa6e2c7403\"><strong><strong>Hypnose spirituelle<\/strong><\/strong><\/h4>\n\n\n\n<p><strong><em><mark style=\"background-color:rgba(0, 0, 0, 0)\" class=\"has-inline-color has-secondary-color\">L&rsquo;hypnose spirituelle<\/mark><\/em><\/strong> <a href=\"https:\/\/www.lejardindenylou.com\/index.php\/hypnose-spirituelle\/\"><strong>info ici<\/strong><\/a> est une approche visant \u00e0 <span style=\"text-decoration: underline;\">int\u00e9grer la dimension spirituelle de l&rsquo;\u00eatre<\/span> dans le respect de ses croyances.<\/p>\n\n\n\n<p>Le r\u00f4le du praticien est de <span style=\"text-decoration: underline;\">faciliter<\/span> les exp\u00e9riences int\u00e9rieures et les prises de conscience du client afin qu&rsquo;\u00e0 l&rsquo;issue de la s\u00e9ance il ressorte plus riche en sagesse.<\/p>\n\n\n\n<p>S&rsquo;en remettre \u00ab\u00a0\u00e0 plus grand que soi\u00a0\u00bb, \u00e0 cette \u00ab\u00a0intelligence sup\u00e9rieure\u00a0\u00bb, aux forces de Vie, permet au client de vivre l&rsquo;exp\u00e9rience la plus juste pour lui afin de <span style=\"text-decoration: underline;\">l&rsquo;aider et le soutenir dans son \u00e9volution.<\/span><\/p>\n\n\n\n<p>S\u00e9ance 1h30 &#8211; via Zoom &#8211; tarif 90 eur (+60 eur \/ heure suppl\u00e9mentaire) <\/p>\n\n\n\n<div class=\"wp-block-buttons is-content-justification-center is-layout-flex wp-container-core-buttons-is-layout-c124d1c4 wp-block-buttons-is-layout-flex\">\n<div class=\"wp-block-button has-custom-font-size is-style-outline has-small-font-size is-style-outline--4\"><a class=\"wp-block-button__link has-tertiary-color has-secondary-background-color has-text-color has-background has-link-color wp-element-button\" href=\"https:\/\/www.lejardindenylou.com\/index.php\/contact\/\" style=\"border-radius:10px\">Prendre rendez-vous<\/a><\/div>\n<\/div>\n<\/div>\n<\/div>\n\n\n\n<div class=\"wp-block-group alignwide has-border-color has-custom-color-5-border-color has-custom-color-7-background-color has-background is-layout-constrained wp-block-group-is-layout-constrained\" style=\"border-width:1px;border-radius:20px\"><\/div>\n","protected":false},"excerpt":{"rendered":"<p>Coaching Spirituel Traverser et vivre un \u00e9veil spirituel est un chemin \u00e0 la fois merveilleux et \u00e0 la fois bouleversant. Les rep\u00e8res \u00e9tablis s&rsquo;effondrent pour laisser place petit \u00e0 petit \u00e0 une nouvelle r\u00e9alit\u00e9. Le coaching spirituel info ici est un espace s\u00e9curis\u00e9 et bienveillant dans lequel vous pouvez \u00e0 la fois venir d\u00e9poser votre [&hellip;]<\/p>\n","protected":false},"author":1,"featured_media":0,"parent":0,"menu_order":0,"comment_status":"closed","ping_status":"closed","template":"","meta":{"jetpack_post_was_ever_published":true,"footnotes":""},"class_list":["post-79","page","type-page","status-publish","hentry"],"jetpack-related-posts":[],"jetpack_sharing_enabled":true,"_links":{"self":[{"href":"https:\/\/www.lejardindenylou.com\/index.php\/wp-json\/wp\/v2\/pages\/79","targetHints":{"allow":["GET"]}}],"collection":[{"href":"https:\/\/www.lejardindenylou.com\/index.php\/wp-json\/wp\/v2\/pages"}],"about":[{"href":"https:\/\/www.lejardindenylou.com\/index.php\/wp-json\/wp\/v2\/types\/page"}],"author":[{"embeddable":true,"href":"https:\/\/www.lejardindenylou.com\/index.php\/wp-json\/wp\/v2\/users\/1"}],"replies":[{"embeddable":true,"href":"https:\/\/www.lejardindenylou.com\/index.php\/wp-json\/wp\/v2\/comments?post=79"}],"version-history":[{"count":31,"href":"https:\/\/www.lejardindenylou.com\/index.php\/wp-json\/wp\/v2\/pages\/79\/revisions"}],"predecessor-version":[{"id":2792,"href":"https:\/\/www.lejardindenylou.com\/index.php\/wp-json\/wp\/v2\/pages\/79\/revisions\/2792"}],"wp:attachment":[{"href":"https:\/\/www.lejardindenylou.com\/index.php\/wp-json\/wp\/v2\/media?parent=79"}],"curies":[{"name":"wp","href":"https:\/\/api.w.org\/{rel}","templated":true}]}}